{"id":8864,"date":"2021-11-04T07:40:11","date_gmt":"2021-11-04T07:40:11","guid":{"rendered":"https:\/\/muuseum.tartu.ee\/?post_type=exhibition&#038;p=8864"},"modified":"2022-02-01T14:53:07","modified_gmt":"2022-02-01T14:53:07","slug":"plangunaitus-soovide-puu","status":"archive","type":"exhibition","link":"https:\/\/muuseum.tartu.ee\/en\/exhibition\/plangunaitus-soovide-puu\/","title":{"rendered":"Plangun\u00e4itus &#8220;Soovide puu&#8221; ja uuendatud v\u00e4ljapanek Lutsu majas"},"content":{"rendered":"\n<p>2021. aasta alguses, kui meil k\u00f5igil oli seljataga raske ja teistmoodi aasta, kui inimesed omavahel enam kokku ei saanud, kui koolisk\u00e4imine oli muutunud virtuaalseks ja tavap\u00e4rane elu pea peale p\u00f6\u00f6ratud, kutsus Oskar Lutsu majamuuseum \u00f5pilasi \u00fcles m\u00f5tlema positiivseid m\u00f5tteid ja inimestele midagi head soovima.&nbsp;\u00d5pilased panid oma m\u00f5tted ja soovid paberile ning valitud t\u00f6\u00f6dest koostasime plangun\u00e4ituse <strong>&#8220;Soovide puu&#8221;<\/strong>, millega haakub temaatiliselt majamuuseumi elutoa vitriini v\u00e4lja pandud aastal\u00f5pusoovide n\u00e4itus. Vaadelda saab aastatel 1960 &#8211; 1981 Valentina Lutsule saadetud postkaarte. Saatjate hulgas on nii vanu s\u00f5pru kui ka uusi tuttavaid, kirjandusteadlasi, n\u00e4itlejaid, ajaloolasi jne.&nbsp;<\/p>\n\n\n\n<p>Oleme t\u00e4nulikud \u00f5pilastele, kes oma m\u00f5tted ja soovid paberile panid.<\/p>\n\n\n\n<p>Oleme t\u00e4nulikud \u00f5petajatele, kes \u00f5pilasi juhendasid ja t\u00f6\u00f6d muuseumisse toimetasid.<\/p>\n\n\n\n<p>Sissep\u00e4\u00e4s tasuta.<\/p>\n\n\n\n<p><strong>Plangun\u00e4itus j\u00e4\u00e4b avatuks jaanuari l\u00f5puni. <\/strong><\/p>\n","protected":false},"featured_media":8865,"template":"","meta":{"_acf_changed":false,"ngg_post_thumbnail":0},"categories":[25],"class_list":["post-8864","exhibition","type-exhibition","status-archive","has-post-thumbnail","hentry","category-oskar-lutsu-majamuuseum"],"acf":[],"yoast_head":"<!-- This site is optimized with the Yoast SEO plugin v27.1.1 - https:\/\/yoast.com\/product\/yoast-seo-wordpress\/ -->\n<title>Plangun\u00e4itus &quot;Soovide puu&quot; ja uuendatud v\u00e4ljapanek Lutsu majas - Tartu Linnamuuseum<\/title>\n<meta name=\"robots\" content=\"index, follow, max-snippet:-1, max-image-preview:large, max-video-preview:-1\" \/>\n<link rel=\"canonical\" href=\"https:\/\/muuseum.tartu.ee\/en\/exhibition\/plangunaitus-soovide-puu\/\" \/>\n<meta property=\"og:locale\" content=\"en_US\" \/>\n<meta property=\"og:type\" content=\"article\" \/>\n<meta property=\"og:title\" content=\"Plangun\u00e4itus &quot;Soovide puu&quot; ja uuendatud v\u00e4ljapanek Lutsu majas - Tartu Linnamuuseum\" \/>\n<meta property=\"og:description\" content=\"2021. aasta alguses, kui meil k\u00f5igil oli seljataga raske ja teistmoodi aasta, kui inimesed omavahel enam kokku ei saanud, kui koolisk\u00e4imine oli muutunud virtuaalseks ja tavap\u00e4rane elu pea peale p\u00f6\u00f6ratud, kutsus Oskar Lutsu majamuuseum \u00f5pilasi \u00fcles m\u00f5tlema positiivseid m\u00f5tteid ja inimestele midagi head soovima.&nbsp;\u00d5pilased panid oma m\u00f5tted ja soovid paberile ning valitud t\u00f6\u00f6dest koostasime plangun\u00e4ituse...\" \/>\n<meta property=\"og:url\" content=\"https:\/\/muuseum.tartu.ee\/en\/exhibition\/plangunaitus-soovide-puu\/\" \/>\n<meta property=\"og:site_name\" content=\"Tartu Linnamuuseum\" \/>\n<meta property=\"article:modified_time\" content=\"2022-02-01T14:53:07+00:00\" \/>\n<meta property=\"og:image\" content=\"https:\/\/muuseum.tartu.ee\/wp-content\/uploads\/2021\/11\/IMG_3012-scaled.jpg\" \/>\n\t<meta property=\"og:image:width\" content=\"2560\" \/>\n\t<meta property=\"og:image:height\" content=\"1920\" \/>\n\t<meta property=\"og:image:type\" content=\"image\/jpeg\" \/>\n<meta name=\"twitter:card\" content=\"summary_large_image\" \/>\n<meta name=\"twitter:label1\" content=\"Est. reading time\" \/>\n\t<meta name=\"twitter:data1\" content=\"1 minute\" \/>\n<script type=\"application\/ld+json\" class=\"yoast-schema-graph\">{\"@context\":\"https:\/\/schema.org\",\"@graph\":[{\"@type\":\"WebPage\",\"@id\":\"https:\/\/muuseum.tartu.ee\/en\/exhibition\/plangunaitus-soovide-puu\/\",\"url\":\"https:\/\/muuseum.tartu.ee\/en\/exhibition\/plangunaitus-soovide-puu\/\",\"name\":\"Plangun\u00e4itus \\\"Soovide puu\\\" ja uuendatud v\u00e4ljapanek Lutsu majas - Tartu Linnamuuseum\",\"isPartOf\":{\"@id\":\"https:\/\/muuseum.tartu.ee\/#website\"},\"primaryImageOfPage\":{\"@id\":\"https:\/\/muuseum.tartu.ee\/en\/exhibition\/plangunaitus-soovide-puu\/#primaryimage\"},\"image\":{\"@id\":\"https:\/\/muuseum.tartu.ee\/en\/exhibition\/plangunaitus-soovide-puu\/#primaryimage\"},\"thumbnailUrl\":\"https:\/\/muuseum.tartu.ee\/wp-content\/uploads\/2021\/11\/IMG_3012-scaled.jpg\",\"datePublished\":\"2021-11-04T07:40:11+00:00\",\"dateModified\":\"2022-02-01T14:53:07+00:00\",\"breadcrumb\":{\"@id\":\"https:\/\/muuseum.tartu.ee\/en\/exhibition\/plangunaitus-soovide-puu\/#breadcrumb\"},\"inLanguage\":\"en-US\",\"potentialAction\":[{\"@type\":\"ReadAction\",\"target\":[\"https:\/\/muuseum.tartu.ee\/en\/exhibition\/plangunaitus-soovide-puu\/\"]}]},{\"@type\":\"ImageObject\",\"inLanguage\":\"en-US\",\"@id\":\"https:\/\/muuseum.tartu.ee\/en\/exhibition\/plangunaitus-soovide-puu\/#primaryimage\",\"url\":\"https:\/\/muuseum.tartu.ee\/wp-content\/uploads\/2021\/11\/IMG_3012-scaled.jpg\",\"contentUrl\":\"https:\/\/muuseum.tartu.ee\/wp-content\/uploads\/2021\/11\/IMG_3012-scaled.jpg\",\"width\":2560,\"height\":1920},{\"@type\":\"BreadcrumbList\",\"@id\":\"https:\/\/muuseum.tartu.ee\/en\/exhibition\/plangunaitus-soovide-puu\/#breadcrumb\",\"itemListElement\":[{\"@type\":\"ListItem\",\"position\":1,\"name\":\"Home\",\"item\":\"https:\/\/muuseum.tartu.ee\/en\/the-city-has-a-story-to-tell\/\"},{\"@type\":\"ListItem\",\"position\":2,\"name\":\"Plangun\u00e4itus &#8220;Soovide puu&#8221; ja uuendatud v\u00e4ljapanek Lutsu majas\"}]},{\"@type\":\"WebSite\",\"@id\":\"https:\/\/muuseum.tartu.ee\/#website\",\"url\":\"https:\/\/muuseum.tartu.ee\/\",\"name\":\"Tartu Linnamuuseum\",\"description\":\"\",\"potentialAction\":[{\"@type\":\"SearchAction\",\"target\":{\"@type\":\"EntryPoint\",\"urlTemplate\":\"https:\/\/muuseum.tartu.ee\/?s={search_term_string}\"},\"query-input\":{\"@type\":\"PropertyValueSpecification\",\"valueRequired\":true,\"valueName\":\"search_term_string\"}}],\"inLanguage\":\"en-US\"}]}<\/script>\n<!-- \/ Yoast SEO plugin. -->","yoast_head_json":{"title":"Plangun\u00e4itus \"Soovide puu\" ja uuendatud v\u00e4ljapanek Lutsu majas - Tartu Linnamuuseum","robots":{"index":"index","follow":"follow","max-snippet":"max-snippet:-1","max-image-preview":"max-image-preview:large","max-video-preview":"max-video-preview:-1"},"canonical":"https:\/\/muuseum.tartu.ee\/en\/exhibition\/plangunaitus-soovide-puu\/","og_locale":"en_US","og_type":"article","og_title":"Plangun\u00e4itus \"Soovide puu\" ja uuendatud v\u00e4ljapanek Lutsu majas - Tartu Linnamuuseum","og_description":"2021. aasta alguses, kui meil k\u00f5igil oli seljataga raske ja teistmoodi aasta, kui inimesed omavahel enam kokku ei saanud, kui koolisk\u00e4imine oli muutunud virtuaalseks ja tavap\u00e4rane elu pea peale p\u00f6\u00f6ratud, kutsus Oskar Lutsu majamuuseum \u00f5pilasi \u00fcles m\u00f5tlema positiivseid m\u00f5tteid ja inimestele midagi head soovima.&nbsp;\u00d5pilased panid oma m\u00f5tted ja soovid paberile ning valitud t\u00f6\u00f6dest koostasime plangun\u00e4ituse...","og_url":"https:\/\/muuseum.tartu.ee\/en\/exhibition\/plangunaitus-soovide-puu\/","og_site_name":"Tartu Linnamuuseum","article_modified_time":"2022-02-01T14:53:07+00:00","og_image":[{"width":2560,"height":1920,"url":"https:\/\/muuseum.tartu.ee\/wp-content\/uploads\/2021\/11\/IMG_3012-scaled.jpg","type":"image\/jpeg"}],"twitter_card":"summary_large_image","twitter_misc":{"Est. reading time":"1 minute"},"schema":{"@context":"https:\/\/schema.org","@graph":[{"@type":"WebPage","@id":"https:\/\/muuseum.tartu.ee\/en\/exhibition\/plangunaitus-soovide-puu\/","url":"https:\/\/muuseum.tartu.ee\/en\/exhibition\/plangunaitus-soovide-puu\/","name":"Plangun\u00e4itus \"Soovide puu\" ja uuendatud v\u00e4ljapanek Lutsu majas - Tartu Linnamuuseum","isPartOf":{"@id":"https:\/\/muuseum.tartu.ee\/#website"},"primaryImageOfPage":{"@id":"https:\/\/muuseum.tartu.ee\/en\/exhibition\/plangunaitus-soovide-puu\/#primaryimage"},"image":{"@id":"https:\/\/muuseum.tartu.ee\/en\/exhibition\/plangunaitus-soovide-puu\/#primaryimage"},"thumbnailUrl":"https:\/\/muuseum.tartu.ee\/wp-content\/uploads\/2021\/11\/IMG_3012-scaled.jpg","datePublished":"2021-11-04T07:40:11+00:00","dateModified":"2022-02-01T14:53:07+00:00","breadcrumb":{"@id":"https:\/\/muuseum.tartu.ee\/en\/exhibition\/plangunaitus-soovide-puu\/#breadcrumb"},"inLanguage":"en-US","potentialAction":[{"@type":"ReadAction","target":["https:\/\/muuseum.tartu.ee\/en\/exhibition\/plangunaitus-soovide-puu\/"]}]},{"@type":"ImageObject","inLanguage":"en-US","@id":"https:\/\/muuseum.tartu.ee\/en\/exhibition\/plangunaitus-soovide-puu\/#primaryimage","url":"https:\/\/muuseum.tartu.ee\/wp-content\/uploads\/2021\/11\/IMG_3012-scaled.jpg","contentUrl":"https:\/\/muuseum.tartu.ee\/wp-content\/uploads\/2021\/11\/IMG_3012-scaled.jpg","width":2560,"height":1920},{"@type":"BreadcrumbList","@id":"https:\/\/muuseum.tartu.ee\/en\/exhibition\/plangunaitus-soovide-puu\/#breadcrumb","itemListElement":[{"@type":"ListItem","position":1,"name":"Home","item":"https:\/\/muuseum.tartu.ee\/en\/the-city-has-a-story-to-tell\/"},{"@type":"ListItem","position":2,"name":"Plangun\u00e4itus &#8220;Soovide puu&#8221; ja uuendatud v\u00e4ljapanek Lutsu majas"}]},{"@type":"WebSite","@id":"https:\/\/muuseum.tartu.ee\/#website","url":"https:\/\/muuseum.tartu.ee\/","name":"Tartu Linnamuuseum","description":"","potentialAction":[{"@type":"SearchAction","target":{"@type":"EntryPoint","urlTemplate":"https:\/\/muuseum.tartu.ee\/?s={search_term_string}"},"query-input":{"@type":"PropertyValueSpecification","valueRequired":true,"valueName":"search_term_string"}}],"inLanguage":"en-US"}]}},"_links":{"self":[{"href":"https:\/\/muuseum.tartu.ee\/en\/wp-json\/wp\/v2\/exhibition\/8864","targetHints":{"allow":["GET"]}}],"collection":[{"href":"https:\/\/muuseum.tartu.ee\/en\/wp-json\/wp\/v2\/exhibition"}],"about":[{"href":"https:\/\/muuseum.tartu.ee\/en\/wp-json\/wp\/v2\/types\/exhibition"}],"wp:featuredmedia":[{"embeddable":true,"href":"https:\/\/muuseum.tartu.ee\/en\/wp-json\/wp\/v2\/media\/8865"}],"wp:attachment":[{"href":"https:\/\/muuseum.tartu.ee\/en\/wp-json\/wp\/v2\/media?parent=8864"}],"wp:term":[{"taxonomy":"category","embeddable":true,"href":"https:\/\/muuseum.tartu.ee\/en\/wp-json\/wp\/v2\/categories?post=8864"}],"curies":[{"name":"wp","href":"https:\/\/api.w.org\/{rel}","templated":true}]}}