{"id":8283,"date":"2021-07-05T21:12:06","date_gmt":"2021-07-05T21:12:06","guid":{"rendered":"https:\/\/muuseum.tartu.ee\/?post_type=exhibition&#038;p=8283"},"modified":"2021-09-26T14:52:57","modified_gmt":"2021-09-26T14:52:57","slug":"pakaa-25-aastat-vene-vagede-valjaviimisest","status":"archive","type":"exhibition","link":"https:\/\/muuseum.tartu.ee\/en\/exhibition\/pakaa-25-aastat-vene-vagede-valjaviimisest\/","title":{"rendered":"Pakaa! 25 aastat Vene v\u00e4gede v\u00e4ljaviimisest"},"content":{"rendered":"\n<p><strong>Alates 6. juulist on KGB kongide muuseumis avatud Eesti S\u00f5jamuuseumi poolt koostatud&nbsp;n\u00e4itus &#8220;Pakaa! 25 aastat Vene v\u00e4gede v\u00e4ljaviimisest&#8221;. <\/strong><br><br>N\u00e4itus kajastab v\u00e4gede v\u00e4ljaviimisele eelnenud protsessi, juulilepete s\u00f5lmimist ja Vene v\u00e4gede &#8220;p\u00e4randit&#8221; Eestile.<\/p>\n\n\n\n<p>26. juulil 1994 kirjutati p\u00e4rast pinevaid l\u00e4bir\u00e4\u00e4kimisi Eesti ja Venemaa vahel Moskvas alla lepingule \u201eVene F\u00f6deratsiooni relvaj\u00f5udude v\u00e4ljaviimisest Eesti Vabariigi territooriumilt ning nende ajutise sealviibimise tingimustest\u201c. Sellele andsid allkirjad Eesti president Lennart Meri ja Venemaa president Boriss Jeltsin. Leping oli iseseisvuse taastanud Eesti jaoks esimene suur koost\u00f6\u00f6saavutus meie liitlastega l\u00e4\u00e4nes, kuid samas ka pingeline v\u00e4ljakutse ning katsumus Eesti riikliku stabiilsuse saavutamisel. Seda s\u00fcndmust on v\u00f5rreldud Vabaduss\u00f5ja l\u00f5petanud Tartu rahulepingu s\u00f5lmimise ja Eesti iseseisvusele rahvusvahelise tunnustuse v\u00f5itmisega.<\/p>\n\n\n\n<figure class=\"wp-block-image size-large\"><img loading=\"lazy\" decoding=\"async\" width=\"418\" height=\"580\" src=\"https:\/\/muuseum.tartu.ee\/wp-content\/uploads\/2021\/07\/plakat.png\" alt=\"\" class=\"wp-image-8286\" \/><figcaption><em>Illustratsioon: Omaaegse kontsert\u00fcrituse plakat<\/em><\/figcaption><\/figure>\n\n\n\n<p><\/p>\n","protected":false},"featured_media":8273,"template":"","meta":{"_acf_changed":false,"ngg_post_thumbnail":0},"categories":[23],"class_list":["post-8283","exhibition","type-exhibition","status-archive","has-post-thumbnail","hentry","category-kgb-kongide-muuseum"],"acf":[],"yoast_head":"<!-- This site is optimized with the Yoast SEO plugin v27.1.1 - https:\/\/yoast.com\/product\/yoast-seo-wordpress\/ -->\n<title>Pakaa! 25 aastat Vene v\u00e4gede v\u00e4ljaviimisest - Tartu Linnamuuseum<\/title>\n<meta name=\"robots\" content=\"index, follow, max-snippet:-1, max-image-preview:large, max-video-preview:-1\" \/>\n<link rel=\"canonical\" href=\"https:\/\/muuseum.tartu.ee\/exhibition\/pakaa-25-aastat-vene-vagede-valjaviimisest\/\" \/>\n<meta property=\"og:locale\" content=\"en_US\" \/>\n<meta property=\"og:type\" content=\"article\" \/>\n<meta property=\"og:title\" content=\"Pakaa! 25 aastat Vene v\u00e4gede v\u00e4ljaviimisest - Tartu Linnamuuseum\" \/>\n<meta property=\"og:description\" content=\"Alates 6. juulist on KGB kongide muuseumis avatud Eesti S\u00f5jamuuseumi poolt koostatud&nbsp;n\u00e4itus &#8220;Pakaa! 25 aastat Vene v\u00e4gede v\u00e4ljaviimisest&#8221;. N\u00e4itus kajastab v\u00e4gede v\u00e4ljaviimisele eelnenud protsessi, juulilepete s\u00f5lmimist ja Vene v\u00e4gede &#8220;p\u00e4randit&#8221; Eestile. 26. juulil 1994 kirjutati p\u00e4rast pinevaid l\u00e4bir\u00e4\u00e4kimisi Eesti ja Venemaa vahel Moskvas alla lepingule \u201eVene F\u00f6deratsiooni relvaj\u00f5udude v\u00e4ljaviimisest Eesti Vabariigi territooriumilt ning nende ajutise...\" \/>\n<meta property=\"og:url\" content=\"https:\/\/muuseum.tartu.ee\/exhibition\/pakaa-25-aastat-vene-vagede-valjaviimisest\/\" \/>\n<meta property=\"og:site_name\" content=\"Tartu Linnamuuseum\" \/>\n<meta property=\"article:modified_time\" content=\"2021-09-26T14:52:57+00:00\" \/>\n<meta property=\"og:image\" content=\"https:\/\/muuseum.tartu.ee\/wp-content\/uploads\/2021\/06\/Pakaaplakat_v.png\" \/>\n\t<meta property=\"og:image:width\" content=\"418\" \/>\n\t<meta property=\"og:image:height\" content=\"214\" \/>\n\t<meta property=\"og:image:type\" content=\"image\/png\" \/>\n<meta name=\"twitter:card\" content=\"summary_large_image\" \/>\n<meta name=\"twitter:label1\" content=\"Est. reading time\" \/>\n\t<meta name=\"twitter:data1\" content=\"1 minute\" \/>\n<script type=\"application\/ld+json\" class=\"yoast-schema-graph\">{\"@context\":\"https:\/\/schema.org\",\"@graph\":[{\"@type\":\"WebPage\",\"@id\":\"https:\/\/muuseum.tartu.ee\/exhibition\/pakaa-25-aastat-vene-vagede-valjaviimisest\/\",\"url\":\"https:\/\/muuseum.tartu.ee\/exhibition\/pakaa-25-aastat-vene-vagede-valjaviimisest\/\",\"name\":\"Pakaa! 25 aastat Vene v\u00e4gede v\u00e4ljaviimisest - Tartu Linnamuuseum\",\"isPartOf\":{\"@id\":\"https:\/\/muuseum.tartu.ee\/#website\"},\"primaryImageOfPage\":{\"@id\":\"https:\/\/muuseum.tartu.ee\/exhibition\/pakaa-25-aastat-vene-vagede-valjaviimisest\/#primaryimage\"},\"image\":{\"@id\":\"https:\/\/muuseum.tartu.ee\/exhibition\/pakaa-25-aastat-vene-vagede-valjaviimisest\/#primaryimage\"},\"thumbnailUrl\":\"https:\/\/muuseum.tartu.ee\/wp-content\/uploads\/2021\/06\/Pakaaplakat_v.png\",\"datePublished\":\"2021-07-05T21:12:06+00:00\",\"dateModified\":\"2021-09-26T14:52:57+00:00\",\"breadcrumb\":{\"@id\":\"https:\/\/muuseum.tartu.ee\/exhibition\/pakaa-25-aastat-vene-vagede-valjaviimisest\/#breadcrumb\"},\"inLanguage\":\"en-US\",\"potentialAction\":[{\"@type\":\"ReadAction\",\"target\":[\"https:\/\/muuseum.tartu.ee\/exhibition\/pakaa-25-aastat-vene-vagede-valjaviimisest\/\"]}]},{\"@type\":\"ImageObject\",\"inLanguage\":\"en-US\",\"@id\":\"https:\/\/muuseum.tartu.ee\/exhibition\/pakaa-25-aastat-vene-vagede-valjaviimisest\/#primaryimage\",\"url\":\"https:\/\/muuseum.tartu.ee\/wp-content\/uploads\/2021\/06\/Pakaaplakat_v.png\",\"contentUrl\":\"https:\/\/muuseum.tartu.ee\/wp-content\/uploads\/2021\/06\/Pakaaplakat_v.png\",\"width\":418,\"height\":214},{\"@type\":\"BreadcrumbList\",\"@id\":\"https:\/\/muuseum.tartu.ee\/exhibition\/pakaa-25-aastat-vene-vagede-valjaviimisest\/#breadcrumb\",\"itemListElement\":[{\"@type\":\"ListItem\",\"position\":1,\"name\":\"Home\",\"item\":\"https:\/\/muuseum.tartu.ee\/en\/the-city-has-a-story-to-tell\/\"},{\"@type\":\"ListItem\",\"position\":2,\"name\":\"Pakaa! 25 aastat Vene v\u00e4gede v\u00e4ljaviimisest\"}]},{\"@type\":\"WebSite\",\"@id\":\"https:\/\/muuseum.tartu.ee\/#website\",\"url\":\"https:\/\/muuseum.tartu.ee\/\",\"name\":\"Tartu Linnamuuseum\",\"description\":\"\",\"potentialAction\":[{\"@type\":\"SearchAction\",\"target\":{\"@type\":\"EntryPoint\",\"urlTemplate\":\"https:\/\/muuseum.tartu.ee\/?s={search_term_string}\"},\"query-input\":{\"@type\":\"PropertyValueSpecification\",\"valueRequired\":true,\"valueName\":\"search_term_string\"}}],\"inLanguage\":\"en-US\"}]}<\/script>\n<!-- \/ Yoast SEO plugin. -->","yoast_head_json":{"title":"Pakaa! 25 aastat Vene v\u00e4gede v\u00e4ljaviimisest - Tartu Linnamuuseum","robots":{"index":"index","follow":"follow","max-snippet":"max-snippet:-1","max-image-preview":"max-image-preview:large","max-video-preview":"max-video-preview:-1"},"canonical":"https:\/\/muuseum.tartu.ee\/exhibition\/pakaa-25-aastat-vene-vagede-valjaviimisest\/","og_locale":"en_US","og_type":"article","og_title":"Pakaa! 25 aastat Vene v\u00e4gede v\u00e4ljaviimisest - Tartu Linnamuuseum","og_description":"Alates 6. juulist on KGB kongide muuseumis avatud Eesti S\u00f5jamuuseumi poolt koostatud&nbsp;n\u00e4itus &#8220;Pakaa! 25 aastat Vene v\u00e4gede v\u00e4ljaviimisest&#8221;. N\u00e4itus kajastab v\u00e4gede v\u00e4ljaviimisele eelnenud protsessi, juulilepete s\u00f5lmimist ja Vene v\u00e4gede &#8220;p\u00e4randit&#8221; Eestile. 26. juulil 1994 kirjutati p\u00e4rast pinevaid l\u00e4bir\u00e4\u00e4kimisi Eesti ja Venemaa vahel Moskvas alla lepingule \u201eVene F\u00f6deratsiooni relvaj\u00f5udude v\u00e4ljaviimisest Eesti Vabariigi territooriumilt ning nende ajutise...","og_url":"https:\/\/muuseum.tartu.ee\/exhibition\/pakaa-25-aastat-vene-vagede-valjaviimisest\/","og_site_name":"Tartu Linnamuuseum","article_modified_time":"2021-09-26T14:52:57+00:00","og_image":[{"width":418,"height":214,"url":"https:\/\/muuseum.tartu.ee\/wp-content\/uploads\/2021\/06\/Pakaaplakat_v.png","type":"image\/png"}],"twitter_card":"summary_large_image","twitter_misc":{"Est. reading time":"1 minute"},"schema":{"@context":"https:\/\/schema.org","@graph":[{"@type":"WebPage","@id":"https:\/\/muuseum.tartu.ee\/exhibition\/pakaa-25-aastat-vene-vagede-valjaviimisest\/","url":"https:\/\/muuseum.tartu.ee\/exhibition\/pakaa-25-aastat-vene-vagede-valjaviimisest\/","name":"Pakaa! 25 aastat Vene v\u00e4gede v\u00e4ljaviimisest - Tartu Linnamuuseum","isPartOf":{"@id":"https:\/\/muuseum.tartu.ee\/#website"},"primaryImageOfPage":{"@id":"https:\/\/muuseum.tartu.ee\/exhibition\/pakaa-25-aastat-vene-vagede-valjaviimisest\/#primaryimage"},"image":{"@id":"https:\/\/muuseum.tartu.ee\/exhibition\/pakaa-25-aastat-vene-vagede-valjaviimisest\/#primaryimage"},"thumbnailUrl":"https:\/\/muuseum.tartu.ee\/wp-content\/uploads\/2021\/06\/Pakaaplakat_v.png","datePublished":"2021-07-05T21:12:06+00:00","dateModified":"2021-09-26T14:52:57+00:00","breadcrumb":{"@id":"https:\/\/muuseum.tartu.ee\/exhibition\/pakaa-25-aastat-vene-vagede-valjaviimisest\/#breadcrumb"},"inLanguage":"en-US","potentialAction":[{"@type":"ReadAction","target":["https:\/\/muuseum.tartu.ee\/exhibition\/pakaa-25-aastat-vene-vagede-valjaviimisest\/"]}]},{"@type":"ImageObject","inLanguage":"en-US","@id":"https:\/\/muuseum.tartu.ee\/exhibition\/pakaa-25-aastat-vene-vagede-valjaviimisest\/#primaryimage","url":"https:\/\/muuseum.tartu.ee\/wp-content\/uploads\/2021\/06\/Pakaaplakat_v.png","contentUrl":"https:\/\/muuseum.tartu.ee\/wp-content\/uploads\/2021\/06\/Pakaaplakat_v.png","width":418,"height":214},{"@type":"BreadcrumbList","@id":"https:\/\/muuseum.tartu.ee\/exhibition\/pakaa-25-aastat-vene-vagede-valjaviimisest\/#breadcrumb","itemListElement":[{"@type":"ListItem","position":1,"name":"Home","item":"https:\/\/muuseum.tartu.ee\/en\/the-city-has-a-story-to-tell\/"},{"@type":"ListItem","position":2,"name":"Pakaa! 25 aastat Vene v\u00e4gede v\u00e4ljaviimisest"}]},{"@type":"WebSite","@id":"https:\/\/muuseum.tartu.ee\/#website","url":"https:\/\/muuseum.tartu.ee\/","name":"Tartu Linnamuuseum","description":"","potentialAction":[{"@type":"SearchAction","target":{"@type":"EntryPoint","urlTemplate":"https:\/\/muuseum.tartu.ee\/?s={search_term_string}"},"query-input":{"@type":"PropertyValueSpecification","valueRequired":true,"valueName":"search_term_string"}}],"inLanguage":"en-US"}]}},"_links":{"self":[{"href":"https:\/\/muuseum.tartu.ee\/en\/wp-json\/wp\/v2\/exhibition\/8283","targetHints":{"allow":["GET"]}}],"collection":[{"href":"https:\/\/muuseum.tartu.ee\/en\/wp-json\/wp\/v2\/exhibition"}],"about":[{"href":"https:\/\/muuseum.tartu.ee\/en\/wp-json\/wp\/v2\/types\/exhibition"}],"wp:featuredmedia":[{"embeddable":true,"href":"https:\/\/muuseum.tartu.ee\/en\/wp-json\/wp\/v2\/media\/8273"}],"wp:attachment":[{"href":"https:\/\/muuseum.tartu.ee\/en\/wp-json\/wp\/v2\/media?parent=8283"}],"wp:term":[{"taxonomy":"category","embeddable":true,"href":"https:\/\/muuseum.tartu.ee\/en\/wp-json\/wp\/v2\/categories?post=8283"}],"curies":[{"name":"wp","href":"https:\/\/api.w.org\/{rel}","templated":true}]}}