{"version":"1.0","provider_name":"Tartu Linnamuuseum","provider_url":"https:\/\/muuseum.tartu.ee\/en\/","title":"Imeline P\u00f5hjala - Tartu Linnamuuseum","type":"rich","width":600,"height":338,"html":"<blockquote class=\"wp-embedded-content\" data-secret=\"G31rcBXxbt\"><a href=\"https:\/\/muuseum.tartu.ee\/en\/exhibition\/imeline-pohjala\/\">Imeline P\u00f5hjala<\/a><\/blockquote><iframe sandbox=\"allow-scripts\" security=\"restricted\" src=\"https:\/\/muuseum.tartu.ee\/en\/exhibition\/imeline-pohjala\/embed\/#?secret=G31rcBXxbt\" width=\"600\" height=\"338\" title=\"&#8220;Imeline P\u00f5hjala&#8221; &#8212; Tartu Linnamuuseum\" data-secret=\"G31rcBXxbt\" frameborder=\"0\" marginwidth=\"0\" marginheight=\"0\" scrolling=\"no\" class=\"wp-embedded-content\"><\/iframe><script type=\"text\/javascript\">\n\/* <![CDATA[ *\/\n\/*! This file is auto-generated *\/\n!function(d,l){\"use strict\";l.querySelector&&d.addEventListener&&\"undefined\"!=typeof URL&&(d.wp=d.wp||{},d.wp.receiveEmbedMessage||(d.wp.receiveEmbedMessage=function(e){var t=e.data;if((t||t.secret||t.message||t.value)&&!\/[^a-zA-Z0-9]\/.test(t.secret)){for(var s,r,n,a=l.querySelectorAll('iframe[data-secret=\"'+t.secret+'\"]'),o=l.querySelectorAll('blockquote[data-secret=\"'+t.secret+'\"]'),c=new RegExp(\"^https?:$\",\"i\"),i=0;i<o.length;i++)o[i].style.display=\"none\";for(i=0;i<a.length;i++)s=a[i],e.source===s.contentWindow&&(s.removeAttribute(\"style\"),\"height\"===t.message?(1e3<(r=parseInt(t.value,10))?r=1e3:~~r<200&&(r=200),s.height=r):\"link\"===t.message&&(r=new URL(s.getAttribute(\"src\")),n=new URL(t.value),c.test(n.protocol))&&n.host===r.host&&l.activeElement===s&&(d.top.location.href=t.value))}},d.addEventListener(\"message\",d.wp.receiveEmbedMessage,!1),l.addEventListener(\"DOMContentLoaded\",function(){for(var e,t,s=l.querySelectorAll(\"iframe.wp-embedded-content\"),r=0;r<s.length;r++)(t=(e=s[r]).getAttribute(\"data-secret\"))||(t=Math.random().toString(36).substring(2,12),e.src+=\"#?secret=\"+t,e.setAttribute(\"data-secret\",t)),e.contentWindow.postMessage({message:\"ready\",secret:t},\"*\")},!1)))}(window,document);\n\/\/# sourceURL=https:\/\/muuseum.tartu.ee\/wp-includes\/js\/wp-embed.min.js\n\/* ]]> *\/\n<\/script>\n","thumbnail_url":"https:\/\/muuseum.tartu.ee\/wp-content\/uploads\/2024\/10\/pohjala-kodukas-scaled.jpg","thumbnail_width":2560,"thumbnail_height":1340,"description":"Laulupeomuuseumi saalis avatakse 6. novembril foton\u00e4itus \u201eImeline P\u00f5hjala\u201c, mis tutvustab k\u00fclastajale Islandi, F\u00e4\u00e4ri saarte ning Norra loodust ja inimesi. N\u00e4ituse ajal toimuvad Laulupeomuuseumis lisaks P\u00f5hjamaade eluolu, v\u00e4\u00e4rtusi ja kultuuri tutvustavad Caf\u00e9 Norden kohviku\u00f5htud. N\u00e4itus on p\u00fchendatud P\u00f5hjala piirkonna s\u00e4\u00e4stlikule eluviisile, loodusele ja elukeskkonnale, kaasates arutellu elluj\u00e4\u00e4mise kunstide teemal k\u00f5iki k\u00fclastajaid \u2013 nii lapsi, noori kui..."}